{"id":36484,"date":"2025-08-25T00:07:01","date_gmt":"2025-08-24T22:07:01","guid":{"rendered":"https:\/\/viktoria.es\/?post_type=product&#038;p=36484"},"modified":"2025-11-01T16:26:18","modified_gmt":"2025-11-01T15:26:18","slug":"falda-con-bolsillo-y-diseno-anti-exposicion","status":"publish","type":"product","link":"https:\/\/viktoria.es\/en\/shop\/mujer\/faldas\/falda-con-bolsillo-y-diseno-anti-exposicion\/","title":{"rendered":"Falda con bolsillo y dise\u00f1o anti-exposici\u00f3n"},"content":{"rendered":"<p data-start=\"41\" data-end=\"111\"><strong data-start=\"41\" data-end=\"50\">Tipo:<\/strong> 95% poli\u00e9ster + 5% spandex, para mujer, impresi\u00f3n completa<\/p>\n<p data-start=\"113\" data-end=\"851\">\u2022 Hecho de 95% poli\u00e9ster + 5% spandex, suave y c\u00f3modo, con ligera elasticidad.<br data-start=\"191\" data-end=\"194\" \/>\u2022 Incluye pantalones cortos interiores que brindan cobertura y soporte adicional.<br data-start=\"275\" data-end=\"278\" \/>\u2022 Dise\u00f1o en l\u00ednea A con un solo bolsillo, adecuado para la mayor\u00eda de los tipos de cuerpo.<br data-start=\"368\" data-end=\"371\" \/>\u2022 Ideal para uso en casa, trabajo de oficina y salidas.<br data-start=\"426\" data-end=\"429\" \/>\u2022 Tallas: S, M, L, XL, 2XL, 3XL, 4XL. Por favor, calcule su talla seg\u00fan la tabla de medidas a continuaci\u00f3n.<br data-start=\"536\" data-end=\"539\" \/>\u2022 Lavable a m\u00e1quina con agua fr\u00eda. No usar secadora; evite la exposici\u00f3n directa al sol.<\/p>\n<p><img loading=\"lazy\" decoding=\"async\" title=\"\" src=\"http:\/\/img.artsadd.com\/data\/product\/6950\/info\/image\/20250505\/E5D62F3E4B7A62AF9ECE79E4F97E2B42.jpg\" alt=\"\" width=\"600\" height=\"600\" align=\"\"><\/p>\n","protected":false},"excerpt":{"rendered":"<p>Tipo: 95% poli\u00e9ster + 5% spandex, para mujer, impresi\u00f3n completa \u2022 Hecho de 95% poli\u00e9ster + 5% spandex, suave y c\u00f3modo, con ligera elasticidad.\u2022 Incluye pantalones cortos interiores que brindan cobertura y soporte adicional.\u2022 Dise\u00f1o en l\u00ednea A con un solo bolsillo, adecuado para la mayor\u00eda de los tipos de cuerpo.\u2022 Ideal para uso en [&#8230;]\n","protected":false},"featured_media":36526,"template":"","meta":[],"product_brand":[],"product_cat":[272],"product_tag":[],"class_list":{"0":"post-36484","1":"product","2":"type-product","3":"status-publish","4":"has-post-thumbnail","6":"product_cat-faldas","8":"first","9":"instock","10":"shipping-taxable","11":"purchasable","12":"product-type-variable","13":"has-default-attributes"},"_links":{"self":[{"href":"https:\/\/viktoria.es\/en\/wp-json\/wp\/v2\/product\/36484","targetHints":{"allow":["GET"]}}],"collection":[{"href":"https:\/\/viktoria.es\/en\/wp-json\/wp\/v2\/product"}],"about":[{"href":"https:\/\/viktoria.es\/en\/wp-json\/wp\/v2\/types\/product"}],"wp:featuredmedia":[{"embeddable":true,"href":"https:\/\/viktoria.es\/en\/wp-json\/wp\/v2\/media\/36526"}],"wp:attachment":[{"href":"https:\/\/viktoria.es\/en\/wp-json\/wp\/v2\/media?parent=36484"}],"wp:term":[{"taxonomy":"product_brand","embeddable":true,"href":"https:\/\/viktoria.es\/en\/wp-json\/wp\/v2\/product_brand?post=36484"},{"taxonomy":"product_cat","embeddable":true,"href":"https:\/\/viktoria.es\/en\/wp-json\/wp\/v2\/product_cat?post=36484"},{"taxonomy":"product_tag","embeddable":true,"href":"https:\/\/viktoria.es\/en\/wp-json\/wp\/v2\/product_tag?post=36484"}],"curies":[{"name":"wp","href":"https:\/\/api.w.org\/{rel}","templated":true}]}}